{"id":114,"date":"2020-06-05T11:38:45","date_gmt":"2020-06-05T13:38:45","guid":{"rendered":"http:\/\/yalingunduz.com\/yine-yeniden-hesse\/"},"modified":"2022-01-05T08:09:27","modified_gmt":"2022-01-05T08:09:27","slug":"yine-yeniden-hesse","status":"publish","type":"page","link":"https:\/\/yalingunduz.com\/index.php\/home\/yine-yeniden-hesse\/","title":{"rendered":"Yine Yeniden Hesse"},"content":{"rendered":"\n<p class=\"wp-block-paragraph\">\u201cBu m\u00fcze, \u015fehrimizin o\u011flu Hesse i\u00e7indir\u201d s\u00f6zleriyle tan\u0131t\u0131yor kendini, Almanya\u2019n\u0131n g\u00fcneybat\u0131s\u0131nda k\u00fc\u00e7\u00fck bir kasabadaki Hermann Hesse M\u00fczesi. 2 Temmuz 1877\u2019de do\u011fan Hesse, \u00e7ocuklu\u011funun ve gen\u00e7li\u011finin b\u00fcy\u00fck b\u00f6l\u00fcm\u00fcn\u00fc Calw kasabas\u0131nda ge\u00e7irdi. 1990\u2019da kurulan m\u00fczenin dokuz&nbsp;odas\u0131nda yazar\u0131n hayranlar\u0131 i\u00e7in m\u00fcthi\u015f bir ya\u015fam\u00f6yk\u00fcs\u00fc sakl\u0131.<\/p>\n\n\n\n<p class=\"wp-block-paragraph\">Hermann Hesse, olduk\u00e7a dindar bir aileden geliyor. Anne taraf\u0131ndan b\u00fcy\u00fckbabas\u0131 uzun y\u0131llar Hindistan\u2019da misyonerlik yapm\u0131\u015f. Hermann\u2019\u0131n babas\u0131 ile birlikte Calw \u015fehrinde bir yay\u0131nevi i\u015fletmi\u015f. Baba Johannes Hesse\u2019nin de misyonerlik yapt\u0131\u011f\u0131 ve dinle ilgili yaz\u0131lar yazd\u0131\u011f\u0131 biliniyor. Dolay\u0131s\u0131yla k\u00fc\u00e7\u00fck Hermann\u2019\u0131 erken ya\u015fta Maulbronn Manast\u0131r\u0131\u2019na okumaya g\u00f6nderiyorlar. Ergenlik y\u0131llar\u0131n\u0131n y\u00fck\u00fcn\u00fc ve ailevi bask\u0131lar\u0131 \u00fczerinden kolay atam\u0131yor gen\u00e7 Hesse. Bir s\u00fcre Rems vadisinde psikiyatrik tedavi g\u00f6r\u00fcyor. Calw\u2019de ve T\u00fcbingen\u2019de k\u00fc\u00e7\u00fck i\u015flerde \u00e7\u0131rakl\u0131k yap\u0131yor. \u0130lk roman\u0131<em> Peter Camenzind <\/em>yay\u0131mlanana kadar Basel ve \u0130talya\u2019da bulunuyor. Birinci e\u015finden olan \u00fc\u00e7 o\u011flu, 1904\u2019te ta\u015f\u0131nd\u0131\u011f\u0131 Konstanz G\u00f6l\u00fc yak\u0131n\u0131ndaki evde d\u00fcnyaya geliyor. 1911\u2019de depresyon sorunlar\u0131 yeniden ba\u015fl\u0131yor. Bu s\u0131ralarda Hindistan\u2019a yolculuk ediyor. Birinci D\u00fcnya Sava\u015f\u0131\u2019n\u0131n ba\u015flamas\u0131 sakin hayat\u0131n\u0131 k\u00f6kten de\u011fi\u015ftiriyor. Sava\u015f kar\u015f\u0131t\u0131 yaz\u0131lar\u0131 yay\u0131nlanmay\u0131nca Emil Sinclair takma ad\u0131yla yaz\u0131yor ve <em>Demian<\/em>\u2019\u0131 bast\u0131rmak hi\u00e7 kolay olmuyor. Babas\u0131n\u0131n 1916\u2019daki \u00f6l\u00fcm\u00fcyle o y\u0131llarda yayg\u0131nla\u015fan psikanaliz tedavisi g\u00f6rmeye ba\u015fl\u0131yor.<\/p>\n\n\n\n<p class=\"wp-block-paragraph\">\u0130lerleyen y\u0131llarda romanlar\u0131 arka arkaya geliyor; <em>Siddhartha, Bozk\u0131rkurdu, Narziss ve Goldmund, ve Boncuk Oyunu<\/em> bug\u00fcn d\u00fcnya edebiyat\u0131n\u0131n say\u0131l\u0131 eserleri aras\u0131nda biliniyor. 1946 y\u0131l\u0131nda Nobel Edebiyat \u00d6d\u00fcl\u00fc\u2019n\u00fc al\u0131yor. D\u00fcnyada bask\u0131s\u0131 90 milyonu a\u015fan kitaplar\u0131, T\u00fcrk\u00e7e dahil bir\u00e7ok dile \u00e7evriliyor. Sava\u015fa ve Nazi Almanyas\u0131\u2019na kar\u015f\u0131 muhalif duru\u015fu nedeniyle 1962\u2019deki \u00f6l\u00fcm\u00fcnden sonra bile bar\u0131\u015f hareketlerinin sembol\u00fc olarak kal\u0131yor.<\/p>\n\n\n\n<p class=\"wp-block-paragraph\">M\u00fczeyi gezenlerin, yazar\u0131n hayat\u0131 ile eserleri aras\u0131nda \u00f6zya\u015fam\u00f6yk\u00fcsel ba\u011flar kurmamalar\u0131 imkans\u0131z. Maulbronn Manast\u0131r\u0131, Narziss\u2019in idealizmini ya\u015fad\u0131\u011f\u0131 s\u0131\u011f\u0131na\u011f\u0131 m\u0131yd\u0131? Hindistan\u2019dayken Siddhartha hakk\u0131nda neler d\u00fc\u015f\u00fcnd\u00fc, neler hissetti? <em>Bozk\u0131rkurdu<\/em>\u2019ndaki Harry Haller, kendi alter egosundan ba\u015fkas\u0131 olabilir mi? Bug\u00fcn bu ufak kasabay\u0131 ziyaret ettiklerinde, Hesse severlerin yazara ilham veren ya\u015fam \u00f6rg\u00fcs\u00fcn\u00fc solumalar\u0131 hala m\u00fcmk\u00fcn.<\/p>\n\n\n\n<p class=\"wp-block-paragraph\">Hesse i\u00e7in Calw, kendi s\u00f6zleriyle \u201cinsanl\u0131\u011f\u0131n b\u00fct\u00fcn evleri ve kaderinin sembol\u00fc\u201dyd\u00fc. \u00d6yleyse kasaban\u0131n i\u00e7inden akan \u0131rmak, neden Siddhartha\u2019n\u0131n \u0131rma\u011f\u0131 olmas\u0131n? Kesin olan o ki, Calw\u2019i ve Hermann Hesse M\u00fczesi\u2019ni gezen herkes Siddhartha\u2019n\u0131n \u00e7ok da uzakta olmad\u0131\u011f\u0131n\u0131 hissedecek. Irma\u011f\u0131n yan\u0131 ba\u015f\u0131nda Siddhartha\u2019y\u0131 d\u00fc\u015f\u00fcnerek kendi hayat muhasebesini yapacak. Irmakta g\u00f6rd\u00fc\u011f\u00fc y\u00fczler, kendi d\u00fcn\u00fcn\u00fcn, bug\u00fcn\u00fcn\u00fcn ve yar\u0131n\u0131n\u0131n y\u00fczleri olacak. T\u00fcrkiye\u2019ye d\u00f6nd\u00fc\u011f\u00fcndeyse dostlar\u0131na, her t\u00fcrl\u00fc gizin \u0131rmakta, do\u011fan\u0131n d\u00f6ng\u00fcs\u00fcnde sakl\u0131 oldu\u011funu b\u00fcy\u00fclenmi\u015f g\u00f6zlerle anlatacak, tabii ki, Hesse\u2019nin s\u00f6zlerini tekrar ederek: \u201c<em>Her insan\u0131n hayat\u0131 onu kendisine g\u00f6t\u00fcren bir yoldur.<\/em>\u201d<\/p>\n\n\n\n<figure class=\"wp-block-image size-large\"><img data-recalc-dims=\"1\" decoding=\"async\" src=\"https:\/\/yalingunduzcom.files.wordpress.com\/2020\/06\/img_3019.jpg?w=676\" alt=\"\" class=\"wp-image-122\"\/><\/figure>\n","protected":false},"excerpt":{"rendered":"<p>\u201cBu m\u00fcze, \u015fehrimizin o\u011flu Hesse i\u00e7indir\u201d s\u00f6zleriyle tan\u0131t\u0131yor kendini, Almanya\u2019n\u0131n g\u00fcneybat\u0131s\u0131nda k\u00fc\u00e7\u00fck bir kasabadaki Hermann Hesse M\u00fczesi. 2 Temmuz 1877\u2019de do\u011fan Hesse, \u00e7ocuklu\u011funun ve gen\u00e7li\u011finin b\u00fcy\u00fck b\u00f6l\u00fcm\u00fcn\u00fc Calw kasabas\u0131nda ge\u00e7irdi. 1990\u2019da kurulan m\u00fczenin dokuz&nbsp;odas\u0131nda yazar\u0131n hayranlar\u0131 i\u00e7in m\u00fcthi\u015f bir ya\u015fam\u00f6yk\u00fcs\u00fc sakl\u0131. Hermann Hesse, olduk\u00e7a dindar bir aileden geliyor. Anne taraf\u0131ndan b\u00fcy\u00fckbabas\u0131 uzun y\u0131llar Hindistan\u2019da misyonerlik [&hellip;]<\/p>\n","protected":false},"author":2,"featured_media":0,"parent":9,"menu_order":0,"comment_status":"closed","ping_status":"closed","template":"template-fullwidth.php","meta":{"footnotes":""},"class_list":["post-114","page","type-page","status-publish","hentry","post-preview"],"jetpack_sharing_enabled":true,"_links":{"self":[{"href":"https:\/\/yalingunduz.com\/index.php\/wp-json\/wp\/v2\/pages\/114","targetHints":{"allow":["GET"]}}],"collection":[{"href":"https:\/\/yalingunduz.com\/index.php\/wp-json\/wp\/v2\/pages"}],"about":[{"href":"https:\/\/yalingunduz.com\/index.php\/wp-json\/wp\/v2\/types\/page"}],"author":[{"embeddable":true,"href":"https:\/\/yalingunduz.com\/index.php\/wp-json\/wp\/v2\/users\/2"}],"replies":[{"embeddable":true,"href":"https:\/\/yalingunduz.com\/index.php\/wp-json\/wp\/v2\/comments?post=114"}],"version-history":[{"count":1,"href":"https:\/\/yalingunduz.com\/index.php\/wp-json\/wp\/v2\/pages\/114\/revisions"}],"predecessor-version":[{"id":495,"href":"https:\/\/yalingunduz.com\/index.php\/wp-json\/wp\/v2\/pages\/114\/revisions\/495"}],"up":[{"embeddable":true,"href":"https:\/\/yalingunduz.com\/index.php\/wp-json\/wp\/v2\/pages\/9"}],"wp:attachment":[{"href":"https:\/\/yalingunduz.com\/index.php\/wp-json\/wp\/v2\/media?parent=114"}],"curies":[{"name":"wp","href":"https:\/\/api.w.org\/{rel}","templated":true}]}}