{"id":133,"date":"2020-06-21T18:12:00","date_gmt":"2020-06-21T20:12:00","guid":{"rendered":"http:\/\/yalingunduz.com\/ingilizce-egemenliginin-sonu-mu\/"},"modified":"2022-01-05T08:10:25","modified_gmt":"2022-01-05T08:10:25","slug":"ingilizce-egemenliginin-sonu-mu","status":"publish","type":"page","link":"https:\/\/yalingunduz.com\/index.php\/home\/ingilizce-egemenliginin-sonu-mu\/","title":{"rendered":"\u0130ngilizce Egemenli\u011finin Sonu mu?"},"content":{"rendered":"\n<p class=\"wp-block-paragraph\"><strong><em>\u0130ngilizce tarihteki son Lingua-Franca olacak. Ostler, \u0130ngilizce\u2019nin \u00e7\u00f6k\u00fc\u015f\u00fcn\u00fc iki ayr\u0131 etmenin getirece\u011fini s\u00f6yl\u00fcyor: Modern milliyet\u00e7ilik ve teknoloji.<\/em><\/strong><\/p>\n\n\n\n<p class=\"wp-block-paragraph\">D\u00fcnya tarihinin kendini kabul ettirmede en ba\u015far\u0131l\u0131 dili ku\u015fkusuz \u0130ngilizce olmu\u015ftur. B\u00fct\u00fcn k\u0131talarda konu\u015fulan, okullarda ikinci dil olarak \u00f6\u011fretilen, uluslararas\u0131 bilim dili olarak yerle\u015fmi\u015f, i\u015f hayat\u0131n\u0131n ve pop\u00fcler k\u00fclt\u00fcr\u00fcn ortak dili olan \u0130ngilizce, bir\u00e7oklar\u0131na g\u00f6re yay\u0131lmas\u0131n\u0131 s\u0131n\u0131rs\u0131zca s\u00fcrd\u00fcrecek. Oysa ki Nicholas Ostler\u2019in tahminlerine g\u00f6re \u0130ngilizce\u2019nin sonu yak\u0131n.<\/p>\n\n\n\n<p class=\"wp-block-paragraph\"><em>Economist<\/em> dergisinin kitap yorumlar\u0131 k\u00f6\u015fesinde yer alan habere g\u00f6re Ostler, <em>The Last Lingua-Franca: English Until the Return of Babel<\/em> (Son Lingua-Franca: Karma\u015fan\u0131n D\u00f6n\u00fc\u015f\u00fcne Kadar \u0130ngilizce) adl\u0131 eserinde bir dilin neden \u00e7\u00f6kece\u011fini anlamak i\u00e7in onu y\u00fckseli\u015fe ge\u00e7iren sebeplere bakmak gerekti\u011fini s\u00f6yl\u00fcyor. Yazar, bir dil i\u00e7in en yayg\u0131n geni\u015fleme yollar\u0131n\u0131n \u201cfetih, ticaret ve dev\u015firmek\u201d oldu\u011funu belirtiyor. Ne var ki bu nedenler bir Lingua-Franca\u2019n\u0131n kal\u0131c\u0131 yer etmesi i\u00e7in yeterli de\u011fil. \u00d6rne\u011fin imparatorluklar sona erince Lingua-Franca\u2019n\u0131n egemenli\u011fi de bitiyor (Sovyet blo\u011fu ve Rus\u00e7ada oldu\u011fu gibi).  <\/p>\n\n\n\n<p class=\"wp-block-paragraph\">\u0130ngilizce\u2019yi daha \u00f6nceki Lingua-Franca\u2019lardan ay\u0131ran iki \u00f6nemli \u00f6zellik var. Her \u015feyden \u00f6nce \u00f6nemli bir rakibi yok. \u0130kincisi, fetih, ticaret ve misyonerlikle yay\u0131lm\u0131\u015f olmas\u0131na ra\u011fmen, varl\u0131\u011f\u0131 art\u0131k bask\u0131 ve zorlamaya ba\u011fl\u0131 de\u011fil. Bu \u00f6zelliklerine bakarak \u0130ngilizce\u2019nin di\u011fer Lingua-Franca\u2019lar gibi sonunun gelmeyece\u011fi h\u00fckm\u00fc verilebilir. Ne var ki Ostler, \u0130ngilizce\u2019nin \u00e7\u00f6k\u00fc\u015f\u00fcn\u00fc iki ayr\u0131 etmenin getirece\u011fini s\u00f6yl\u00fcyor: Modern milliyet\u00e7ilik ve teknoloji. 1990\u2019l\u0131 y\u0131llarda Hollanda\u2019n\u0131n, b\u00fct\u00fcn \u00fcniversite e\u011fitiminin \u0130ngilizce olmas\u0131 fikrinden milliyet\u00e7i gerek\u00e7elerle vazge\u00e7mesini hat\u0131rlarsak, Ostler\u2019\u0131n neyi kastetti\u011fini daha iyi anlayabiliriz.<\/p>\n\n\n\n<p class=\"wp-block-paragraph\">Ostler\u2019a g\u00f6re \u0130ngilizce\u2019nin yerini bir ba\u015fka dil almayacak; aksine, \u0130ngilizce tarihteki son Lingua-Franca olacak. Ba\u015fka bir dil yerini almayacak, \u00e7\u00fcnk\u00fc buna gerek olmayacak. Bilgisayarl\u0131 \u00e7eviri ve de ses tan\u0131ma teknolojilerinin geli\u015fmesiyle yeni bir dil \u00f6\u011frenme zahmeti tarihe kar\u0131\u015facak. Ostler s\u00f6z\u00fc ge\u00e7en teknolojilerin son elli y\u0131l i\u00e7indeki yava\u015f ilerlemesine at\u0131fta bulunmakla beraber, bu s\u00fcrenin dillerin evriminde laf\u0131 edilmeyecek k\u0131sal\u0131kta oldu\u011funu ekliyor. Dolay\u0131s\u0131yla, herkesin istedi\u011fi dilde konu\u015fup yazd\u0131\u011f\u0131 ve buna ra\u011fmen birbirini kolayca anlad\u0131\u011f\u0131 g\u00fcnler uzak de\u011fil. &nbsp;<\/p>\n\n\n\n<p class=\"wp-block-paragraph\">Ku\u015fkusuz ki tarih, Ostler\u2019\u0131n dillerin milli s\u0131n\u0131rlar\u0131 hakk\u0131nda yan\u0131lmad\u0131\u011f\u0131n\u0131 g\u00f6stermi\u015f durumda. E\u011fer Ostler teknolojik \u00f6ng\u00f6r\u00fclerinde de hakl\u0131ysa, gelecek nesiller \u0130ngilizceyi, bug\u00fcn bizim kaligrafi ya da Latinceyi g\u00f6rd\u00fc\u011f\u00fcm\u00fcz gibi g\u00f6recekler: prestijli ve gelenek\u00e7i, ama kesinlikle vazge\u00e7ilebilir.<\/p>\n\n\n\n<figure class=\"wp-block-image size-large\"><img data-recalc-dims=\"1\" decoding=\"async\" src=\"https:\/\/yalingunduzcom.files.wordpress.com\/2020\/06\/img_3193.jpg?w=676\" alt=\"\" class=\"wp-image-132\"\/><\/figure>\n","protected":false},"excerpt":{"rendered":"<p>\u0130ngilizce tarihteki son Lingua-Franca olacak. Ostler, \u0130ngilizce\u2019nin \u00e7\u00f6k\u00fc\u015f\u00fcn\u00fc iki ayr\u0131 etmenin getirece\u011fini s\u00f6yl\u00fcyor: Modern milliyet\u00e7ilik ve teknoloji. D\u00fcnya tarihinin kendini kabul ettirmede en ba\u015far\u0131l\u0131 dili ku\u015fkusuz \u0130ngilizce olmu\u015ftur. B\u00fct\u00fcn k\u0131talarda konu\u015fulan, okullarda ikinci dil olarak \u00f6\u011fretilen, uluslararas\u0131 bilim dili olarak yerle\u015fmi\u015f, i\u015f hayat\u0131n\u0131n ve pop\u00fcler k\u00fclt\u00fcr\u00fcn ortak dili olan \u0130ngilizce, bir\u00e7oklar\u0131na g\u00f6re yay\u0131lmas\u0131n\u0131 s\u0131n\u0131rs\u0131zca s\u00fcrd\u00fcrecek. [&hellip;]<\/p>\n","protected":false},"author":2,"featured_media":0,"parent":9,"menu_order":0,"comment_status":"closed","ping_status":"closed","template":"template-fullwidth.php","meta":{"footnotes":""},"class_list":["post-133","page","type-page","status-publish","hentry","post-preview"],"jetpack_sharing_enabled":true,"_links":{"self":[{"href":"https:\/\/yalingunduz.com\/index.php\/wp-json\/wp\/v2\/pages\/133","targetHints":{"allow":["GET"]}}],"collection":[{"href":"https:\/\/yalingunduz.com\/index.php\/wp-json\/wp\/v2\/pages"}],"about":[{"href":"https:\/\/yalingunduz.com\/index.php\/wp-json\/wp\/v2\/types\/page"}],"author":[{"embeddable":true,"href":"https:\/\/yalingunduz.com\/index.php\/wp-json\/wp\/v2\/users\/2"}],"replies":[{"embeddable":true,"href":"https:\/\/yalingunduz.com\/index.php\/wp-json\/wp\/v2\/comments?post=133"}],"version-history":[{"count":1,"href":"https:\/\/yalingunduz.com\/index.php\/wp-json\/wp\/v2\/pages\/133\/revisions"}],"predecessor-version":[{"id":493,"href":"https:\/\/yalingunduz.com\/index.php\/wp-json\/wp\/v2\/pages\/133\/revisions\/493"}],"up":[{"embeddable":true,"href":"https:\/\/yalingunduz.com\/index.php\/wp-json\/wp\/v2\/pages\/9"}],"wp:attachment":[{"href":"https:\/\/yalingunduz.com\/index.php\/wp-json\/wp\/v2\/media?parent=133"}],"curies":[{"name":"wp","href":"https:\/\/api.w.org\/{rel}","templated":true}]}}